{"id":9173,"date":"2026-04-27T16:19:48","date_gmt":"2026-04-27T14:19:48","guid":{"rendered":"https:\/\/francoclo.it\/prodotti-usati\/benna-spazzolatrice-bs-210hd\/"},"modified":"2026-04-28T13:25:23","modified_gmt":"2026-04-28T11:25:23","slug":"buerstenschaufel-bs-210hd","status":"publish","type":"prodotti-usati","link":"https:\/\/francoclo.it\/de\/gebrauchte-produkte\/buerstenschaufel-bs-210hd\/","title":{"rendered":"B\u00fcrstenschaufel BS 210HD"},"excerpt":{"rendered":"","protected":false},"featured_media":9168,"template":"","categorie-prodotti-usati":[696],"attributi-prodotti-usati":[],"marchi-prodotti-usati":[268],"class_list":["post-9173","prodotti-usati","type-prodotti-usati","status-publish","has-post-thumbnail","hentry","categorie-prodotti-usati-buerstenschaufeln","marchi-prodotti-usati-m3"],"acf":[],"yoast_head":"<!-- This site is optimized with the Yoast SEO plugin v26.7 - https:\/\/yoast.com\/wordpress\/plugins\/seo\/ -->\n<title>B\u00fcrstenschaufel BS 210HD &#183; Franco Cl\u00f2<\/title>\n<meta name=\"description\" content=\"Gebrauchte Kehrschaufel BS 210HD auch zur Miete erh\u00e4ltlich. Konzipiert f\u00fcr intensive Eins\u00e4tze und anspruchsvolle Oberfl\u00e4chen.\" \/>\n<meta name=\"robots\" content=\"index, follow, max-snippet:-1, max-image-preview:large, max-video-preview:-1\" \/>\n<link rel=\"canonical\" href=\"https:\/\/francoclo.it\/de\/gebrauchte-produkte\/buerstenschaufel-bs-210hd\/\" \/>\n<meta property=\"og:locale\" content=\"de_DE\" \/>\n<meta property=\"og:type\" content=\"article\" \/>\n<meta property=\"og:title\" content=\"B\u00fcrstenschaufel BS 210HD &#183; Franco Cl\u00f2\" \/>\n<meta property=\"og:description\" content=\"Gebrauchte Kehrschaufel BS 210HD auch zur Miete erh\u00e4ltlich. Konzipiert f\u00fcr intensive Eins\u00e4tze und anspruchsvolle Oberfl\u00e4chen.\" \/>\n<meta property=\"og:url\" content=\"https:\/\/francoclo.it\/de\/gebrauchte-produkte\/buerstenschaufel-bs-210hd\/\" \/>\n<meta property=\"og:site_name\" content=\"Franco Cl\u00f2\" \/>\n<meta property=\"article:modified_time\" content=\"2026-04-28T11:25:23+00:00\" \/>\n<meta property=\"og:image\" content=\"https:\/\/francoclo.it\/wp-content\/uploads\/2026\/04\/BENNA-SPAZZOLATRICE-BS-210HD-Matr.-21568.jpg\" \/>\n\t<meta property=\"og:image:width\" content=\"1440\" \/>\n\t<meta property=\"og:image:height\" content=\"1080\" \/>\n\t<meta property=\"og:image:type\" content=\"image\/jpeg\" \/>\n<meta name=\"twitter:card\" content=\"summary_large_image\" \/>\n<meta name=\"twitter:label1\" content=\"Gesch\u00e4tzte Lesezeit\" \/>\n\t<meta name=\"twitter:data1\" content=\"1\u00a0Minute\" \/>\n<script type=\"application\/ld+json\" class=\"yoast-schema-graph\">{\"@context\":\"https:\/\/schema.org\",\"@graph\":[{\"@type\":\"WebPage\",\"@id\":\"https:\/\/francoclo.it\/de\/gebrauchte-produkte\/buerstenschaufel-bs-210hd\/\",\"url\":\"https:\/\/francoclo.it\/de\/gebrauchte-produkte\/buerstenschaufel-bs-210hd\/\",\"name\":\"B\u00fcrstenschaufel BS 210HD &#183; Franco Cl\u00f2\",\"isPartOf\":{\"@id\":\"https:\/\/francoclo.it\/de\/#website\"},\"primaryImageOfPage\":{\"@id\":\"https:\/\/francoclo.it\/de\/gebrauchte-produkte\/buerstenschaufel-bs-210hd\/#primaryimage\"},\"image\":{\"@id\":\"https:\/\/francoclo.it\/de\/gebrauchte-produkte\/buerstenschaufel-bs-210hd\/#primaryimage\"},\"thumbnailUrl\":\"https:\/\/francoclo.it\/wp-content\/uploads\/2026\/04\/BENNA-SPAZZOLATRICE-BS-210HD-Matr.-21568.jpg\",\"datePublished\":\"2026-04-27T14:19:48+00:00\",\"dateModified\":\"2026-04-28T11:25:23+00:00\",\"description\":\"Gebrauchte Kehrschaufel BS 210HD auch zur Miete erh\u00e4ltlich. Konzipiert f\u00fcr intensive Eins\u00e4tze und anspruchsvolle Oberfl\u00e4chen.\",\"breadcrumb\":{\"@id\":\"https:\/\/francoclo.it\/de\/gebrauchte-produkte\/buerstenschaufel-bs-210hd\/#breadcrumb\"},\"inLanguage\":\"de\",\"potentialAction\":[{\"@type\":\"ReadAction\",\"target\":[\"https:\/\/francoclo.it\/de\/gebrauchte-produkte\/buerstenschaufel-bs-210hd\/\"]}]},{\"@type\":\"ImageObject\",\"inLanguage\":\"de\",\"@id\":\"https:\/\/francoclo.it\/de\/gebrauchte-produkte\/buerstenschaufel-bs-210hd\/#primaryimage\",\"url\":\"https:\/\/francoclo.it\/wp-content\/uploads\/2026\/04\/BENNA-SPAZZOLATRICE-BS-210HD-Matr.-21568.jpg\",\"contentUrl\":\"https:\/\/francoclo.it\/wp-content\/uploads\/2026\/04\/BENNA-SPAZZOLATRICE-BS-210HD-Matr.-21568.jpg\",\"width\":1440,\"height\":1080},{\"@type\":\"BreadcrumbList\",\"@id\":\"https:\/\/francoclo.it\/de\/gebrauchte-produkte\/buerstenschaufel-bs-210hd\/#breadcrumb\",\"itemListElement\":[{\"@type\":\"ListItem\",\"position\":1,\"name\":\"Home\",\"item\":\"https:\/\/francoclo.it\/de\/\"},{\"@type\":\"ListItem\",\"position\":2,\"name\":\"Gebrauchte Produkte\",\"item\":\"https:\/\/francoclo.it\/de\/gebrauchte-produkte\/\"},{\"@type\":\"ListItem\",\"position\":3,\"name\":\"B\u00fcrstenschaufeln\",\"item\":\"https:\/\/francoclo.it\/de\/categorie-prodotti-usati\/buerstenschaufeln\/\"},{\"@type\":\"ListItem\",\"position\":4,\"name\":\"B\u00fcrstenschaufel BS 210HD\"}]},{\"@type\":\"WebSite\",\"@id\":\"https:\/\/francoclo.it\/de\/#website\",\"url\":\"https:\/\/francoclo.it\/de\/\",\"name\":\"Franco Cl\u00f2\",\"description\":\"Macchine Movimento Terra\",\"publisher\":{\"@id\":\"https:\/\/francoclo.it\/de\/#organization\"},\"potentialAction\":[{\"@type\":\"SearchAction\",\"target\":{\"@type\":\"EntryPoint\",\"urlTemplate\":\"https:\/\/francoclo.it\/de\/?s={search_term_string}\"},\"query-input\":{\"@type\":\"PropertyValueSpecification\",\"valueRequired\":true,\"valueName\":\"search_term_string\"}}],\"inLanguage\":\"de\"},{\"@type\":\"Organization\",\"@id\":\"https:\/\/francoclo.it\/de\/#organization\",\"name\":\"Franco Cl\u00f2\",\"url\":\"https:\/\/francoclo.it\/de\/\",\"logo\":{\"@type\":\"ImageObject\",\"inLanguage\":\"de\",\"@id\":\"https:\/\/francoclo.it\/de\/#\/schema\/logo\/image\/\",\"url\":\"https:\/\/francoclo.it\/wp-content\/uploads\/2024\/11\/loghi_francoclo_logo_francoclo_standard.png\",\"contentUrl\":\"https:\/\/francoclo.it\/wp-content\/uploads\/2024\/11\/loghi_francoclo_logo_francoclo_standard.png\",\"width\":800,\"height\":128,\"caption\":\"Franco Cl\u00f2\"},\"image\":{\"@id\":\"https:\/\/francoclo.it\/de\/#\/schema\/logo\/image\/\"}}]}<\/script>\n<!-- \/ Yoast SEO plugin. -->","yoast_head_json":{"title":"B\u00fcrstenschaufel BS 210HD &#183; Franco Cl\u00f2","description":"Gebrauchte Kehrschaufel BS 210HD auch zur Miete erh\u00e4ltlich. Konzipiert f\u00fcr intensive Eins\u00e4tze und anspruchsvolle Oberfl\u00e4chen.","robots":{"index":"index","follow":"follow","max-snippet":"max-snippet:-1","max-image-preview":"max-image-preview:large","max-video-preview":"max-video-preview:-1"},"canonical":"https:\/\/francoclo.it\/de\/gebrauchte-produkte\/buerstenschaufel-bs-210hd\/","og_locale":"de_DE","og_type":"article","og_title":"B\u00fcrstenschaufel BS 210HD &#183; Franco Cl\u00f2","og_description":"Gebrauchte Kehrschaufel BS 210HD auch zur Miete erh\u00e4ltlich. Konzipiert f\u00fcr intensive Eins\u00e4tze und anspruchsvolle Oberfl\u00e4chen.","og_url":"https:\/\/francoclo.it\/de\/gebrauchte-produkte\/buerstenschaufel-bs-210hd\/","og_site_name":"Franco Cl\u00f2","article_modified_time":"2026-04-28T11:25:23+00:00","og_image":[{"width":1440,"height":1080,"url":"https:\/\/francoclo.it\/wp-content\/uploads\/2026\/04\/BENNA-SPAZZOLATRICE-BS-210HD-Matr.-21568.jpg","type":"image\/jpeg"}],"twitter_card":"summary_large_image","twitter_misc":{"Gesch\u00e4tzte Lesezeit":"1\u00a0Minute"},"schema":{"@context":"https:\/\/schema.org","@graph":[{"@type":"WebPage","@id":"https:\/\/francoclo.it\/de\/gebrauchte-produkte\/buerstenschaufel-bs-210hd\/","url":"https:\/\/francoclo.it\/de\/gebrauchte-produkte\/buerstenschaufel-bs-210hd\/","name":"B\u00fcrstenschaufel BS 210HD &#183; Franco Cl\u00f2","isPartOf":{"@id":"https:\/\/francoclo.it\/de\/#website"},"primaryImageOfPage":{"@id":"https:\/\/francoclo.it\/de\/gebrauchte-produkte\/buerstenschaufel-bs-210hd\/#primaryimage"},"image":{"@id":"https:\/\/francoclo.it\/de\/gebrauchte-produkte\/buerstenschaufel-bs-210hd\/#primaryimage"},"thumbnailUrl":"https:\/\/francoclo.it\/wp-content\/uploads\/2026\/04\/BENNA-SPAZZOLATRICE-BS-210HD-Matr.-21568.jpg","datePublished":"2026-04-27T14:19:48+00:00","dateModified":"2026-04-28T11:25:23+00:00","description":"Gebrauchte Kehrschaufel BS 210HD auch zur Miete erh\u00e4ltlich. Konzipiert f\u00fcr intensive Eins\u00e4tze und anspruchsvolle Oberfl\u00e4chen.","breadcrumb":{"@id":"https:\/\/francoclo.it\/de\/gebrauchte-produkte\/buerstenschaufel-bs-210hd\/#breadcrumb"},"inLanguage":"de","potentialAction":[{"@type":"ReadAction","target":["https:\/\/francoclo.it\/de\/gebrauchte-produkte\/buerstenschaufel-bs-210hd\/"]}]},{"@type":"ImageObject","inLanguage":"de","@id":"https:\/\/francoclo.it\/de\/gebrauchte-produkte\/buerstenschaufel-bs-210hd\/#primaryimage","url":"https:\/\/francoclo.it\/wp-content\/uploads\/2026\/04\/BENNA-SPAZZOLATRICE-BS-210HD-Matr.-21568.jpg","contentUrl":"https:\/\/francoclo.it\/wp-content\/uploads\/2026\/04\/BENNA-SPAZZOLATRICE-BS-210HD-Matr.-21568.jpg","width":1440,"height":1080},{"@type":"BreadcrumbList","@id":"https:\/\/francoclo.it\/de\/gebrauchte-produkte\/buerstenschaufel-bs-210hd\/#breadcrumb","itemListElement":[{"@type":"ListItem","position":1,"name":"Home","item":"https:\/\/francoclo.it\/de\/"},{"@type":"ListItem","position":2,"name":"Gebrauchte Produkte","item":"https:\/\/francoclo.it\/de\/gebrauchte-produkte\/"},{"@type":"ListItem","position":3,"name":"B\u00fcrstenschaufeln","item":"https:\/\/francoclo.it\/de\/categorie-prodotti-usati\/buerstenschaufeln\/"},{"@type":"ListItem","position":4,"name":"B\u00fcrstenschaufel BS 210HD"}]},{"@type":"WebSite","@id":"https:\/\/francoclo.it\/de\/#website","url":"https:\/\/francoclo.it\/de\/","name":"Franco Cl\u00f2","description":"Macchine Movimento Terra","publisher":{"@id":"https:\/\/francoclo.it\/de\/#organization"},"potentialAction":[{"@type":"SearchAction","target":{"@type":"EntryPoint","urlTemplate":"https:\/\/francoclo.it\/de\/?s={search_term_string}"},"query-input":{"@type":"PropertyValueSpecification","valueRequired":true,"valueName":"search_term_string"}}],"inLanguage":"de"},{"@type":"Organization","@id":"https:\/\/francoclo.it\/de\/#organization","name":"Franco Cl\u00f2","url":"https:\/\/francoclo.it\/de\/","logo":{"@type":"ImageObject","inLanguage":"de","@id":"https:\/\/francoclo.it\/de\/#\/schema\/logo\/image\/","url":"https:\/\/francoclo.it\/wp-content\/uploads\/2024\/11\/loghi_francoclo_logo_francoclo_standard.png","contentUrl":"https:\/\/francoclo.it\/wp-content\/uploads\/2024\/11\/loghi_francoclo_logo_francoclo_standard.png","width":800,"height":128,"caption":"Franco Cl\u00f2"},"image":{"@id":"https:\/\/francoclo.it\/de\/#\/schema\/logo\/image\/"}}]}},"_links":{"self":[{"href":"https:\/\/francoclo.it\/de\/wp-json\/wp\/v2\/prodotti-usati\/9173","targetHints":{"allow":["GET"]}}],"collection":[{"href":"https:\/\/francoclo.it\/de\/wp-json\/wp\/v2\/prodotti-usati"}],"about":[{"href":"https:\/\/francoclo.it\/de\/wp-json\/wp\/v2\/types\/prodotti-usati"}],"wp:featuredmedia":[{"embeddable":true,"href":"https:\/\/francoclo.it\/de\/wp-json\/wp\/v2\/media\/9168"}],"wp:attachment":[{"href":"https:\/\/francoclo.it\/de\/wp-json\/wp\/v2\/media?parent=9173"}],"wp:term":[{"taxonomy":"categorie-prodotti-usati","embeddable":true,"href":"https:\/\/francoclo.it\/de\/wp-json\/wp\/v2\/categorie-prodotti-usati?post=9173"},{"taxonomy":"attributi-prodotti-usati","embeddable":true,"href":"https:\/\/francoclo.it\/de\/wp-json\/wp\/v2\/attributi-prodotti-usati?post=9173"},{"taxonomy":"marchi-prodotti-usati","embeddable":true,"href":"https:\/\/francoclo.it\/de\/wp-json\/wp\/v2\/marchi-prodotti-usati?post=9173"}],"curies":[{"name":"wp","href":"https:\/\/api.w.org\/{rel}","templated":true}]}}