{"id":8613,"date":"2026-02-18T11:38:13","date_gmt":"2026-02-18T10:38:13","guid":{"rendered":"https:\/\/francoclo.it\/prodotti-usati\/autocarro-isuzu-d-max-n60bb-crew\/"},"modified":"2026-02-18T17:15:16","modified_gmt":"2026-02-18T16:15:16","slug":"lkw-isuzu-d-max-n60bb-crew","status":"publish","type":"prodotti-usati","link":"https:\/\/francoclo.it\/de\/gebrauchte-produkte\/lkw-isuzu-d-max-n60bb-crew\/","title":{"rendered":"Lkw ISUZU D-MAX N60BB CREW"},"excerpt":{"rendered":"","protected":false},"featured_media":8110,"template":"","categorie-prodotti-usati":[641],"attributi-prodotti-usati":[775,762],"marchi-prodotti-usati":[210],"class_list":["post-8613","prodotti-usati","type-prodotti-usati","status-publish","has-post-thumbnail","hentry","categorie-prodotti-usati-lkw","attributi-prodotti-usati-manuelles-getriebe","attributi-prodotti-usati-5-sitze","marchi-prodotti-usati-isuzu"],"acf":[],"yoast_head":"<!-- This site is optimized with the Yoast SEO plugin v26.7 - https:\/\/yoast.com\/wordpress\/plugins\/seo\/ -->\n<title>Lkw ISUZU D-MAX N60BB CREW &#183; Franco Cl\u00f2<\/title>\n<meta name=\"description\" content=\"Gebrauchter Lkw ISUZU D-MAX N60BB CREW auch zur Miete verf\u00fcgbar. Ideal f\u00fcr Bauunternehmen, Handwerker und Land- und Forstwirte.\" \/>\n<meta name=\"robots\" content=\"index, follow, max-snippet:-1, max-image-preview:large, max-video-preview:-1\" \/>\n<link rel=\"canonical\" href=\"https:\/\/francoclo.it\/de\/gebrauchte-produkte\/lkw-isuzu-d-max-n60bb-crew\/\" \/>\n<meta property=\"og:locale\" content=\"de_DE\" \/>\n<meta property=\"og:type\" content=\"article\" \/>\n<meta property=\"og:title\" content=\"Lkw ISUZU D-MAX N60BB CREW &#183; Franco Cl\u00f2\" \/>\n<meta property=\"og:description\" content=\"Gebrauchter Lkw ISUZU D-MAX N60BB CREW auch zur Miete verf\u00fcgbar. Ideal f\u00fcr Bauunternehmen, Handwerker und Land- und Forstwirte.\" \/>\n<meta property=\"og:url\" content=\"https:\/\/francoclo.it\/de\/gebrauchte-produkte\/lkw-isuzu-d-max-n60bb-crew\/\" \/>\n<meta property=\"og:site_name\" content=\"Franco Cl\u00f2\" \/>\n<meta property=\"article:modified_time\" content=\"2026-02-18T16:15:16+00:00\" \/>\n<meta property=\"og:image\" content=\"https:\/\/francoclo.it\/wp-content\/uploads\/2025\/04\/02_ISUZU-D-MAX-N60BB-CREW-Matr.-24422-Targa-GX-244-AF.jpg\" \/>\n\t<meta property=\"og:image:width\" content=\"2048\" \/>\n\t<meta property=\"og:image:height\" content=\"1536\" \/>\n\t<meta property=\"og:image:type\" content=\"image\/jpeg\" \/>\n<meta name=\"twitter:card\" content=\"summary_large_image\" \/>\n<meta name=\"twitter:label1\" content=\"Gesch\u00e4tzte Lesezeit\" \/>\n\t<meta name=\"twitter:data1\" content=\"1\u00a0Minute\" \/>\n<script type=\"application\/ld+json\" class=\"yoast-schema-graph\">{\"@context\":\"https:\/\/schema.org\",\"@graph\":[{\"@type\":\"WebPage\",\"@id\":\"https:\/\/francoclo.it\/de\/gebrauchte-produkte\/lkw-isuzu-d-max-n60bb-crew\/\",\"url\":\"https:\/\/francoclo.it\/de\/gebrauchte-produkte\/lkw-isuzu-d-max-n60bb-crew\/\",\"name\":\"Lkw ISUZU D-MAX N60BB CREW &#183; Franco Cl\u00f2\",\"isPartOf\":{\"@id\":\"https:\/\/francoclo.it\/de\/#website\"},\"primaryImageOfPage\":{\"@id\":\"https:\/\/francoclo.it\/de\/gebrauchte-produkte\/lkw-isuzu-d-max-n60bb-crew\/#primaryimage\"},\"image\":{\"@id\":\"https:\/\/francoclo.it\/de\/gebrauchte-produkte\/lkw-isuzu-d-max-n60bb-crew\/#primaryimage\"},\"thumbnailUrl\":\"https:\/\/francoclo.it\/wp-content\/uploads\/2025\/04\/02_ISUZU-D-MAX-N60BB-CREW-Matr.-24422-Targa-GX-244-AF.jpg\",\"datePublished\":\"2026-02-18T10:38:13+00:00\",\"dateModified\":\"2026-02-18T16:15:16+00:00\",\"description\":\"Gebrauchter Lkw ISUZU D-MAX N60BB CREW auch zur Miete verf\u00fcgbar. Ideal f\u00fcr Bauunternehmen, Handwerker und Land- und Forstwirte.\",\"breadcrumb\":{\"@id\":\"https:\/\/francoclo.it\/de\/gebrauchte-produkte\/lkw-isuzu-d-max-n60bb-crew\/#breadcrumb\"},\"inLanguage\":\"de\",\"potentialAction\":[{\"@type\":\"ReadAction\",\"target\":[\"https:\/\/francoclo.it\/de\/gebrauchte-produkte\/lkw-isuzu-d-max-n60bb-crew\/\"]}]},{\"@type\":\"ImageObject\",\"inLanguage\":\"de\",\"@id\":\"https:\/\/francoclo.it\/de\/gebrauchte-produkte\/lkw-isuzu-d-max-n60bb-crew\/#primaryimage\",\"url\":\"https:\/\/francoclo.it\/wp-content\/uploads\/2025\/04\/02_ISUZU-D-MAX-N60BB-CREW-Matr.-24422-Targa-GX-244-AF.jpg\",\"contentUrl\":\"https:\/\/francoclo.it\/wp-content\/uploads\/2025\/04\/02_ISUZU-D-MAX-N60BB-CREW-Matr.-24422-Targa-GX-244-AF.jpg\",\"width\":2048,\"height\":1536},{\"@type\":\"BreadcrumbList\",\"@id\":\"https:\/\/francoclo.it\/de\/gebrauchte-produkte\/lkw-isuzu-d-max-n60bb-crew\/#breadcrumb\",\"itemListElement\":[{\"@type\":\"ListItem\",\"position\":1,\"name\":\"Home\",\"item\":\"https:\/\/francoclo.it\/de\/\"},{\"@type\":\"ListItem\",\"position\":2,\"name\":\"Gebrauchte Produkte\",\"item\":\"https:\/\/francoclo.it\/de\/gebrauchte-produkte\/\"},{\"@type\":\"ListItem\",\"position\":3,\"name\":\"Lkw\",\"item\":\"https:\/\/francoclo.it\/de\/categorie-prodotti-usati\/lkw\/\"},{\"@type\":\"ListItem\",\"position\":4,\"name\":\"Lkw ISUZU D-MAX N60BB CREW\"}]},{\"@type\":\"WebSite\",\"@id\":\"https:\/\/francoclo.it\/de\/#website\",\"url\":\"https:\/\/francoclo.it\/de\/\",\"name\":\"Franco Cl\u00f2\",\"description\":\"Macchine Movimento Terra\",\"publisher\":{\"@id\":\"https:\/\/francoclo.it\/de\/#organization\"},\"potentialAction\":[{\"@type\":\"SearchAction\",\"target\":{\"@type\":\"EntryPoint\",\"urlTemplate\":\"https:\/\/francoclo.it\/de\/?s={search_term_string}\"},\"query-input\":{\"@type\":\"PropertyValueSpecification\",\"valueRequired\":true,\"valueName\":\"search_term_string\"}}],\"inLanguage\":\"de\"},{\"@type\":\"Organization\",\"@id\":\"https:\/\/francoclo.it\/de\/#organization\",\"name\":\"Franco Cl\u00f2\",\"url\":\"https:\/\/francoclo.it\/de\/\",\"logo\":{\"@type\":\"ImageObject\",\"inLanguage\":\"de\",\"@id\":\"https:\/\/francoclo.it\/de\/#\/schema\/logo\/image\/\",\"url\":\"https:\/\/francoclo.it\/wp-content\/uploads\/2024\/11\/loghi_francoclo_logo_francoclo_standard.png\",\"contentUrl\":\"https:\/\/francoclo.it\/wp-content\/uploads\/2024\/11\/loghi_francoclo_logo_francoclo_standard.png\",\"width\":800,\"height\":128,\"caption\":\"Franco Cl\u00f2\"},\"image\":{\"@id\":\"https:\/\/francoclo.it\/de\/#\/schema\/logo\/image\/\"}}]}<\/script>\n<!-- \/ Yoast SEO plugin. -->","yoast_head_json":{"title":"Lkw ISUZU D-MAX N60BB CREW &#183; Franco Cl\u00f2","description":"Gebrauchter Lkw ISUZU D-MAX N60BB CREW auch zur Miete verf\u00fcgbar. Ideal f\u00fcr Bauunternehmen, Handwerker und Land- und Forstwirte.","robots":{"index":"index","follow":"follow","max-snippet":"max-snippet:-1","max-image-preview":"max-image-preview:large","max-video-preview":"max-video-preview:-1"},"canonical":"https:\/\/francoclo.it\/de\/gebrauchte-produkte\/lkw-isuzu-d-max-n60bb-crew\/","og_locale":"de_DE","og_type":"article","og_title":"Lkw ISUZU D-MAX N60BB CREW &#183; Franco Cl\u00f2","og_description":"Gebrauchter Lkw ISUZU D-MAX N60BB CREW auch zur Miete verf\u00fcgbar. Ideal f\u00fcr Bauunternehmen, Handwerker und Land- und Forstwirte.","og_url":"https:\/\/francoclo.it\/de\/gebrauchte-produkte\/lkw-isuzu-d-max-n60bb-crew\/","og_site_name":"Franco Cl\u00f2","article_modified_time":"2026-02-18T16:15:16+00:00","og_image":[{"width":2048,"height":1536,"url":"https:\/\/francoclo.it\/wp-content\/uploads\/2025\/04\/02_ISUZU-D-MAX-N60BB-CREW-Matr.-24422-Targa-GX-244-AF.jpg","type":"image\/jpeg"}],"twitter_card":"summary_large_image","twitter_misc":{"Gesch\u00e4tzte Lesezeit":"1\u00a0Minute"},"schema":{"@context":"https:\/\/schema.org","@graph":[{"@type":"WebPage","@id":"https:\/\/francoclo.it\/de\/gebrauchte-produkte\/lkw-isuzu-d-max-n60bb-crew\/","url":"https:\/\/francoclo.it\/de\/gebrauchte-produkte\/lkw-isuzu-d-max-n60bb-crew\/","name":"Lkw ISUZU D-MAX N60BB CREW &#183; Franco Cl\u00f2","isPartOf":{"@id":"https:\/\/francoclo.it\/de\/#website"},"primaryImageOfPage":{"@id":"https:\/\/francoclo.it\/de\/gebrauchte-produkte\/lkw-isuzu-d-max-n60bb-crew\/#primaryimage"},"image":{"@id":"https:\/\/francoclo.it\/de\/gebrauchte-produkte\/lkw-isuzu-d-max-n60bb-crew\/#primaryimage"},"thumbnailUrl":"https:\/\/francoclo.it\/wp-content\/uploads\/2025\/04\/02_ISUZU-D-MAX-N60BB-CREW-Matr.-24422-Targa-GX-244-AF.jpg","datePublished":"2026-02-18T10:38:13+00:00","dateModified":"2026-02-18T16:15:16+00:00","description":"Gebrauchter Lkw ISUZU D-MAX N60BB CREW auch zur Miete verf\u00fcgbar. Ideal f\u00fcr Bauunternehmen, Handwerker und Land- und Forstwirte.","breadcrumb":{"@id":"https:\/\/francoclo.it\/de\/gebrauchte-produkte\/lkw-isuzu-d-max-n60bb-crew\/#breadcrumb"},"inLanguage":"de","potentialAction":[{"@type":"ReadAction","target":["https:\/\/francoclo.it\/de\/gebrauchte-produkte\/lkw-isuzu-d-max-n60bb-crew\/"]}]},{"@type":"ImageObject","inLanguage":"de","@id":"https:\/\/francoclo.it\/de\/gebrauchte-produkte\/lkw-isuzu-d-max-n60bb-crew\/#primaryimage","url":"https:\/\/francoclo.it\/wp-content\/uploads\/2025\/04\/02_ISUZU-D-MAX-N60BB-CREW-Matr.-24422-Targa-GX-244-AF.jpg","contentUrl":"https:\/\/francoclo.it\/wp-content\/uploads\/2025\/04\/02_ISUZU-D-MAX-N60BB-CREW-Matr.-24422-Targa-GX-244-AF.jpg","width":2048,"height":1536},{"@type":"BreadcrumbList","@id":"https:\/\/francoclo.it\/de\/gebrauchte-produkte\/lkw-isuzu-d-max-n60bb-crew\/#breadcrumb","itemListElement":[{"@type":"ListItem","position":1,"name":"Home","item":"https:\/\/francoclo.it\/de\/"},{"@type":"ListItem","position":2,"name":"Gebrauchte Produkte","item":"https:\/\/francoclo.it\/de\/gebrauchte-produkte\/"},{"@type":"ListItem","position":3,"name":"Lkw","item":"https:\/\/francoclo.it\/de\/categorie-prodotti-usati\/lkw\/"},{"@type":"ListItem","position":4,"name":"Lkw ISUZU D-MAX N60BB CREW"}]},{"@type":"WebSite","@id":"https:\/\/francoclo.it\/de\/#website","url":"https:\/\/francoclo.it\/de\/","name":"Franco Cl\u00f2","description":"Macchine Movimento Terra","publisher":{"@id":"https:\/\/francoclo.it\/de\/#organization"},"potentialAction":[{"@type":"SearchAction","target":{"@type":"EntryPoint","urlTemplate":"https:\/\/francoclo.it\/de\/?s={search_term_string}"},"query-input":{"@type":"PropertyValueSpecification","valueRequired":true,"valueName":"search_term_string"}}],"inLanguage":"de"},{"@type":"Organization","@id":"https:\/\/francoclo.it\/de\/#organization","name":"Franco Cl\u00f2","url":"https:\/\/francoclo.it\/de\/","logo":{"@type":"ImageObject","inLanguage":"de","@id":"https:\/\/francoclo.it\/de\/#\/schema\/logo\/image\/","url":"https:\/\/francoclo.it\/wp-content\/uploads\/2024\/11\/loghi_francoclo_logo_francoclo_standard.png","contentUrl":"https:\/\/francoclo.it\/wp-content\/uploads\/2024\/11\/loghi_francoclo_logo_francoclo_standard.png","width":800,"height":128,"caption":"Franco Cl\u00f2"},"image":{"@id":"https:\/\/francoclo.it\/de\/#\/schema\/logo\/image\/"}}]}},"_links":{"self":[{"href":"https:\/\/francoclo.it\/de\/wp-json\/wp\/v2\/prodotti-usati\/8613","targetHints":{"allow":["GET"]}}],"collection":[{"href":"https:\/\/francoclo.it\/de\/wp-json\/wp\/v2\/prodotti-usati"}],"about":[{"href":"https:\/\/francoclo.it\/de\/wp-json\/wp\/v2\/types\/prodotti-usati"}],"wp:featuredmedia":[{"embeddable":true,"href":"https:\/\/francoclo.it\/de\/wp-json\/wp\/v2\/media\/8110"}],"wp:attachment":[{"href":"https:\/\/francoclo.it\/de\/wp-json\/wp\/v2\/media?parent=8613"}],"wp:term":[{"taxonomy":"categorie-prodotti-usati","embeddable":true,"href":"https:\/\/francoclo.it\/de\/wp-json\/wp\/v2\/categorie-prodotti-usati?post=8613"},{"taxonomy":"attributi-prodotti-usati","embeddable":true,"href":"https:\/\/francoclo.it\/de\/wp-json\/wp\/v2\/attributi-prodotti-usati?post=8613"},{"taxonomy":"marchi-prodotti-usati","embeddable":true,"href":"https:\/\/francoclo.it\/de\/wp-json\/wp\/v2\/marchi-prodotti-usati?post=8613"}],"curies":[{"name":"wp","href":"https:\/\/api.w.org\/{rel}","templated":true}]}}