{"id":8381,"date":"2026-02-11T16:00:49","date_gmt":"2026-02-11T15:00:49","guid":{"rendered":"https:\/\/francoclo.it\/prodotti-usati\/sollevatore-telescopico-manitou-mt-930-comfort-st5-2\/"},"modified":"2026-02-18T18:02:15","modified_gmt":"2026-02-18T17:02:15","slug":"teleskopstapler-manitou-mt-930-comfort-st5","status":"publish","type":"prodotti-usati","link":"https:\/\/francoclo.it\/de\/gebrauchte-produkte\/teleskopstapler-manitou-mt-930-comfort-st5\/","title":{"rendered":"Teleskopstapler MANITOU MT 930 COMFORT ST5"},"excerpt":{"rendered":"","protected":false},"featured_media":8038,"template":"","categorie-prodotti-usati":[601],"attributi-prodotti-usati":[],"marchi-prodotti-usati":[188],"class_list":["post-8381","prodotti-usati","type-prodotti-usati","status-publish","has-post-thumbnail","hentry","categorie-prodotti-usati-hebevorrichtungen","marchi-prodotti-usati-manitou"],"acf":[],"yoast_head":"<!-- This site is optimized with the Yoast SEO plugin v26.7 - https:\/\/yoast.com\/wordpress\/plugins\/seo\/ -->\n<title>Teleskopstapler MANITOU MT 930 COMFORT ST5 &#183; Franco Cl\u00f2<\/title>\n<meta name=\"description\" content=\"Gebrauchter Teleskopstapler MANITOU MT 930 COMFORT ST5 auch zur Miete verf\u00fcgbar. F\u00fcr Bauunternehmen, Renovierungsbaustellen und Zimmererarbeiten.\" \/>\n<meta name=\"robots\" content=\"index, follow, max-snippet:-1, max-image-preview:large, max-video-preview:-1\" \/>\n<link rel=\"canonical\" href=\"https:\/\/francoclo.it\/de\/gebrauchte-produkte\/teleskopstapler-manitou-mt-930-comfort-st5\/\" \/>\n<meta property=\"og:locale\" content=\"de_DE\" \/>\n<meta property=\"og:type\" content=\"article\" \/>\n<meta property=\"og:title\" content=\"Teleskopstapler MANITOU MT 930 COMFORT ST5 &#183; Franco Cl\u00f2\" \/>\n<meta property=\"og:description\" content=\"Gebrauchter Teleskopstapler MANITOU MT 930 COMFORT ST5 auch zur Miete verf\u00fcgbar. F\u00fcr Bauunternehmen, Renovierungsbaustellen und Zimmererarbeiten.\" \/>\n<meta property=\"og:url\" content=\"https:\/\/francoclo.it\/de\/gebrauchte-produkte\/teleskopstapler-manitou-mt-930-comfort-st5\/\" \/>\n<meta property=\"og:site_name\" content=\"Franco Cl\u00f2\" \/>\n<meta property=\"article:modified_time\" content=\"2026-02-18T17:02:15+00:00\" \/>\n<meta property=\"og:image\" content=\"https:\/\/francoclo.it\/wp-content\/uploads\/2026\/01\/01_MANITOU-MT-930-COMFORT-ST5-Matr.-64232.jpg\" \/>\n\t<meta property=\"og:image:width\" content=\"810\" \/>\n\t<meta property=\"og:image:height\" content=\"1080\" \/>\n\t<meta property=\"og:image:type\" content=\"image\/jpeg\" \/>\n<meta name=\"twitter:card\" content=\"summary_large_image\" \/>\n<meta name=\"twitter:label1\" content=\"Gesch\u00e4tzte Lesezeit\" \/>\n\t<meta name=\"twitter:data1\" content=\"1\u00a0Minute\" \/>\n<script type=\"application\/ld+json\" class=\"yoast-schema-graph\">{\"@context\":\"https:\/\/schema.org\",\"@graph\":[{\"@type\":\"WebPage\",\"@id\":\"https:\/\/francoclo.it\/de\/gebrauchte-produkte\/teleskopstapler-manitou-mt-930-comfort-st5\/\",\"url\":\"https:\/\/francoclo.it\/de\/gebrauchte-produkte\/teleskopstapler-manitou-mt-930-comfort-st5\/\",\"name\":\"Teleskopstapler MANITOU MT 930 COMFORT ST5 &#183; Franco Cl\u00f2\",\"isPartOf\":{\"@id\":\"https:\/\/francoclo.it\/de\/#website\"},\"primaryImageOfPage\":{\"@id\":\"https:\/\/francoclo.it\/de\/gebrauchte-produkte\/teleskopstapler-manitou-mt-930-comfort-st5\/#primaryimage\"},\"image\":{\"@id\":\"https:\/\/francoclo.it\/de\/gebrauchte-produkte\/teleskopstapler-manitou-mt-930-comfort-st5\/#primaryimage\"},\"thumbnailUrl\":\"https:\/\/francoclo.it\/wp-content\/uploads\/2026\/01\/01_MANITOU-MT-930-COMFORT-ST5-Matr.-64232.jpg\",\"datePublished\":\"2026-02-11T15:00:49+00:00\",\"dateModified\":\"2026-02-18T17:02:15+00:00\",\"description\":\"Gebrauchter Teleskopstapler MANITOU MT 930 COMFORT ST5 auch zur Miete verf\u00fcgbar. F\u00fcr Bauunternehmen, Renovierungsbaustellen und Zimmererarbeiten.\",\"breadcrumb\":{\"@id\":\"https:\/\/francoclo.it\/de\/gebrauchte-produkte\/teleskopstapler-manitou-mt-930-comfort-st5\/#breadcrumb\"},\"inLanguage\":\"de\",\"potentialAction\":[{\"@type\":\"ReadAction\",\"target\":[\"https:\/\/francoclo.it\/de\/gebrauchte-produkte\/teleskopstapler-manitou-mt-930-comfort-st5\/\"]}]},{\"@type\":\"ImageObject\",\"inLanguage\":\"de\",\"@id\":\"https:\/\/francoclo.it\/de\/gebrauchte-produkte\/teleskopstapler-manitou-mt-930-comfort-st5\/#primaryimage\",\"url\":\"https:\/\/francoclo.it\/wp-content\/uploads\/2026\/01\/01_MANITOU-MT-930-COMFORT-ST5-Matr.-64232.jpg\",\"contentUrl\":\"https:\/\/francoclo.it\/wp-content\/uploads\/2026\/01\/01_MANITOU-MT-930-COMFORT-ST5-Matr.-64232.jpg\",\"width\":810,\"height\":1080},{\"@type\":\"BreadcrumbList\",\"@id\":\"https:\/\/francoclo.it\/de\/gebrauchte-produkte\/teleskopstapler-manitou-mt-930-comfort-st5\/#breadcrumb\",\"itemListElement\":[{\"@type\":\"ListItem\",\"position\":1,\"name\":\"Home\",\"item\":\"https:\/\/francoclo.it\/de\/\"},{\"@type\":\"ListItem\",\"position\":2,\"name\":\"Gebrauchte Produkte\",\"item\":\"https:\/\/francoclo.it\/de\/gebrauchte-produkte\/\"},{\"@type\":\"ListItem\",\"position\":3,\"name\":\"Hebevorrichtungen\",\"item\":\"https:\/\/francoclo.it\/de\/categorie-prodotti-usati\/hebevorrichtungen\/\"},{\"@type\":\"ListItem\",\"position\":4,\"name\":\"Teleskopstapler MANITOU MT 930 COMFORT ST5\"}]},{\"@type\":\"WebSite\",\"@id\":\"https:\/\/francoclo.it\/de\/#website\",\"url\":\"https:\/\/francoclo.it\/de\/\",\"name\":\"Franco Cl\u00f2\",\"description\":\"Macchine Movimento Terra\",\"publisher\":{\"@id\":\"https:\/\/francoclo.it\/de\/#organization\"},\"potentialAction\":[{\"@type\":\"SearchAction\",\"target\":{\"@type\":\"EntryPoint\",\"urlTemplate\":\"https:\/\/francoclo.it\/de\/?s={search_term_string}\"},\"query-input\":{\"@type\":\"PropertyValueSpecification\",\"valueRequired\":true,\"valueName\":\"search_term_string\"}}],\"inLanguage\":\"de\"},{\"@type\":\"Organization\",\"@id\":\"https:\/\/francoclo.it\/de\/#organization\",\"name\":\"Franco Cl\u00f2\",\"url\":\"https:\/\/francoclo.it\/de\/\",\"logo\":{\"@type\":\"ImageObject\",\"inLanguage\":\"de\",\"@id\":\"https:\/\/francoclo.it\/de\/#\/schema\/logo\/image\/\",\"url\":\"https:\/\/francoclo.it\/wp-content\/uploads\/2024\/11\/loghi_francoclo_logo_francoclo_standard.png\",\"contentUrl\":\"https:\/\/francoclo.it\/wp-content\/uploads\/2024\/11\/loghi_francoclo_logo_francoclo_standard.png\",\"width\":800,\"height\":128,\"caption\":\"Franco Cl\u00f2\"},\"image\":{\"@id\":\"https:\/\/francoclo.it\/de\/#\/schema\/logo\/image\/\"}}]}<\/script>\n<!-- \/ Yoast SEO plugin. -->","yoast_head_json":{"title":"Teleskopstapler MANITOU MT 930 COMFORT ST5 &#183; Franco Cl\u00f2","description":"Gebrauchter Teleskopstapler MANITOU MT 930 COMFORT ST5 auch zur Miete verf\u00fcgbar. F\u00fcr Bauunternehmen, Renovierungsbaustellen und Zimmererarbeiten.","robots":{"index":"index","follow":"follow","max-snippet":"max-snippet:-1","max-image-preview":"max-image-preview:large","max-video-preview":"max-video-preview:-1"},"canonical":"https:\/\/francoclo.it\/de\/gebrauchte-produkte\/teleskopstapler-manitou-mt-930-comfort-st5\/","og_locale":"de_DE","og_type":"article","og_title":"Teleskopstapler MANITOU MT 930 COMFORT ST5 &#183; Franco Cl\u00f2","og_description":"Gebrauchter Teleskopstapler MANITOU MT 930 COMFORT ST5 auch zur Miete verf\u00fcgbar. F\u00fcr Bauunternehmen, Renovierungsbaustellen und Zimmererarbeiten.","og_url":"https:\/\/francoclo.it\/de\/gebrauchte-produkte\/teleskopstapler-manitou-mt-930-comfort-st5\/","og_site_name":"Franco Cl\u00f2","article_modified_time":"2026-02-18T17:02:15+00:00","og_image":[{"width":810,"height":1080,"url":"https:\/\/francoclo.it\/wp-content\/uploads\/2026\/01\/01_MANITOU-MT-930-COMFORT-ST5-Matr.-64232.jpg","type":"image\/jpeg"}],"twitter_card":"summary_large_image","twitter_misc":{"Gesch\u00e4tzte Lesezeit":"1\u00a0Minute"},"schema":{"@context":"https:\/\/schema.org","@graph":[{"@type":"WebPage","@id":"https:\/\/francoclo.it\/de\/gebrauchte-produkte\/teleskopstapler-manitou-mt-930-comfort-st5\/","url":"https:\/\/francoclo.it\/de\/gebrauchte-produkte\/teleskopstapler-manitou-mt-930-comfort-st5\/","name":"Teleskopstapler MANITOU MT 930 COMFORT ST5 &#183; Franco Cl\u00f2","isPartOf":{"@id":"https:\/\/francoclo.it\/de\/#website"},"primaryImageOfPage":{"@id":"https:\/\/francoclo.it\/de\/gebrauchte-produkte\/teleskopstapler-manitou-mt-930-comfort-st5\/#primaryimage"},"image":{"@id":"https:\/\/francoclo.it\/de\/gebrauchte-produkte\/teleskopstapler-manitou-mt-930-comfort-st5\/#primaryimage"},"thumbnailUrl":"https:\/\/francoclo.it\/wp-content\/uploads\/2026\/01\/01_MANITOU-MT-930-COMFORT-ST5-Matr.-64232.jpg","datePublished":"2026-02-11T15:00:49+00:00","dateModified":"2026-02-18T17:02:15+00:00","description":"Gebrauchter Teleskopstapler MANITOU MT 930 COMFORT ST5 auch zur Miete verf\u00fcgbar. F\u00fcr Bauunternehmen, Renovierungsbaustellen und Zimmererarbeiten.","breadcrumb":{"@id":"https:\/\/francoclo.it\/de\/gebrauchte-produkte\/teleskopstapler-manitou-mt-930-comfort-st5\/#breadcrumb"},"inLanguage":"de","potentialAction":[{"@type":"ReadAction","target":["https:\/\/francoclo.it\/de\/gebrauchte-produkte\/teleskopstapler-manitou-mt-930-comfort-st5\/"]}]},{"@type":"ImageObject","inLanguage":"de","@id":"https:\/\/francoclo.it\/de\/gebrauchte-produkte\/teleskopstapler-manitou-mt-930-comfort-st5\/#primaryimage","url":"https:\/\/francoclo.it\/wp-content\/uploads\/2026\/01\/01_MANITOU-MT-930-COMFORT-ST5-Matr.-64232.jpg","contentUrl":"https:\/\/francoclo.it\/wp-content\/uploads\/2026\/01\/01_MANITOU-MT-930-COMFORT-ST5-Matr.-64232.jpg","width":810,"height":1080},{"@type":"BreadcrumbList","@id":"https:\/\/francoclo.it\/de\/gebrauchte-produkte\/teleskopstapler-manitou-mt-930-comfort-st5\/#breadcrumb","itemListElement":[{"@type":"ListItem","position":1,"name":"Home","item":"https:\/\/francoclo.it\/de\/"},{"@type":"ListItem","position":2,"name":"Gebrauchte Produkte","item":"https:\/\/francoclo.it\/de\/gebrauchte-produkte\/"},{"@type":"ListItem","position":3,"name":"Hebevorrichtungen","item":"https:\/\/francoclo.it\/de\/categorie-prodotti-usati\/hebevorrichtungen\/"},{"@type":"ListItem","position":4,"name":"Teleskopstapler MANITOU MT 930 COMFORT ST5"}]},{"@type":"WebSite","@id":"https:\/\/francoclo.it\/de\/#website","url":"https:\/\/francoclo.it\/de\/","name":"Franco Cl\u00f2","description":"Macchine Movimento Terra","publisher":{"@id":"https:\/\/francoclo.it\/de\/#organization"},"potentialAction":[{"@type":"SearchAction","target":{"@type":"EntryPoint","urlTemplate":"https:\/\/francoclo.it\/de\/?s={search_term_string}"},"query-input":{"@type":"PropertyValueSpecification","valueRequired":true,"valueName":"search_term_string"}}],"inLanguage":"de"},{"@type":"Organization","@id":"https:\/\/francoclo.it\/de\/#organization","name":"Franco Cl\u00f2","url":"https:\/\/francoclo.it\/de\/","logo":{"@type":"ImageObject","inLanguage":"de","@id":"https:\/\/francoclo.it\/de\/#\/schema\/logo\/image\/","url":"https:\/\/francoclo.it\/wp-content\/uploads\/2024\/11\/loghi_francoclo_logo_francoclo_standard.png","contentUrl":"https:\/\/francoclo.it\/wp-content\/uploads\/2024\/11\/loghi_francoclo_logo_francoclo_standard.png","width":800,"height":128,"caption":"Franco Cl\u00f2"},"image":{"@id":"https:\/\/francoclo.it\/de\/#\/schema\/logo\/image\/"}}]}},"_links":{"self":[{"href":"https:\/\/francoclo.it\/de\/wp-json\/wp\/v2\/prodotti-usati\/8381","targetHints":{"allow":["GET"]}}],"collection":[{"href":"https:\/\/francoclo.it\/de\/wp-json\/wp\/v2\/prodotti-usati"}],"about":[{"href":"https:\/\/francoclo.it\/de\/wp-json\/wp\/v2\/types\/prodotti-usati"}],"wp:featuredmedia":[{"embeddable":true,"href":"https:\/\/francoclo.it\/de\/wp-json\/wp\/v2\/media\/8038"}],"wp:attachment":[{"href":"https:\/\/francoclo.it\/de\/wp-json\/wp\/v2\/media?parent=8381"}],"wp:term":[{"taxonomy":"categorie-prodotti-usati","embeddable":true,"href":"https:\/\/francoclo.it\/de\/wp-json\/wp\/v2\/categorie-prodotti-usati?post=8381"},{"taxonomy":"attributi-prodotti-usati","embeddable":true,"href":"https:\/\/francoclo.it\/de\/wp-json\/wp\/v2\/attributi-prodotti-usati?post=8381"},{"taxonomy":"marchi-prodotti-usati","embeddable":true,"href":"https:\/\/francoclo.it\/de\/wp-json\/wp\/v2\/marchi-prodotti-usati?post=8381"}],"curies":[{"name":"wp","href":"https:\/\/api.w.org\/{rel}","templated":true}]}}